{"id":59,"date":"2018-02-18T12:59:33","date_gmt":"2018-02-18T11:59:33","guid":{"rendered":"http:\/\/www.evang-friedhof.at\/simmering\/?page_id=59"},"modified":"2018-02-18T12:59:44","modified_gmt":"2018-02-18T11:59:44","slug":"grabpflege","status":"publish","type":"page","link":"https:\/\/www.evang-friedhof.at\/simmering\/grabpflege\/","title":{"rendered":"Grabpflege"},"content":{"rendered":"<p class=\"Stil1\" align=\"justify\">Leute die voll im Berufsleben stehen finden oft wenig Zeit sich um die Grabpflege Ihrer Lieben zu k\u00fcmmern. Gerne sind wir Ihnen bei der Pflege des Grabes behilflich. Wir bieten Ihnen eine Jahresgrabpflege an, die sich auf den Zeitraum von einem Jahr beschr\u00e4nkt.<br \/>\nNat\u00fcrlich k\u00f6nnen auch jahreszeitliche Wechselbepflanzung wie Fr\u00fchjahrs, Sommer und Herbst<span class=\"Stil1\">blumen nach Ihrem Geschmack vereinbart werden<\/span><\/p>\n<div class=\"Stil1\" align=\"left\">\n<p>Folgende Leistungen werden angeboten:<\/p>\n<ul>\n<li>D\u00fcngung der Pflanzen<\/li>\n<li>Schnitt der Pflanzen<\/li>\n<li>Grabschmuck (Kr\u00e4nze, Gestecke, Blumenstr\u00e4u\u00dfe etc.)<\/li>\n<li>Entfernen von Unkraut<\/li>\n<li>Entfernen von Laub<\/li>\n<li>Rasen m\u00e4hen<\/li>\n<li>Wechselnde Bepflanzung (Jahreszeit abh\u00e4ngig)<\/li>\n<li>Gie\u00dfen der Pflanzen<\/li>\n<li>Beseitigung kleiner M\u00e4ngel (Maulwurfsh\u00fcgel, Astbruch etc.)<\/li>\n<\/ul>\n<\/div>\n<p class=\"Stil1\" align=\"left\">Ihre individuellen W\u00fcnsche sind uns ein gro\u00dfes Anliegen \u2013 wir beraten Sie gerne!<\/p>\n","protected":false},"excerpt":{"rendered":"<p>Leute die voll im Berufsleben stehen finden oft wenig Zeit sich um die Grabpflege Ihrer Lieben zu k\u00fcmmern. Gerne sind wir Ihnen bei der Pflege des Grabes behilflich. Wir bieten Ihnen eine Jahresgrabpflege an, die sich auf den Zeitraum von einem Jahr beschr\u00e4nkt. Nat\u00fcrlich k\u00f6nnen auch jahreszeitliche Wechselbepflanzung wie Fr\u00fchjahrs, Sommer und Herbstblumen nach Ihrem &hellip; <\/p>\n<p class=\"link-more\"><a href=\"https:\/\/www.evang-friedhof.at\/simmering\/grabpflege\/\" class=\"more-link\"><span class=\"screen-reader-text\">\u201eGrabpflege\u201c <\/span>weiterlesen<\/a><\/p>\n","protected":false},"author":1,"featured_media":0,"parent":0,"menu_order":0,"comment_status":"closed","ping_status":"closed","template":"","meta":{"ngg_post_thumbnail":0,"footnotes":""},"class_list":["post-59","page","type-page","status-publish","hentry"],"_links":{"self":[{"href":"https:\/\/www.evang-friedhof.at\/simmering\/wp-json\/wp\/v2\/pages\/59","targetHints":{"allow":["GET"]}}],"collection":[{"href":"https:\/\/www.evang-friedhof.at\/simmering\/wp-json\/wp\/v2\/pages"}],"about":[{"href":"https:\/\/www.evang-friedhof.at\/simmering\/wp-json\/wp\/v2\/types\/page"}],"author":[{"embeddable":true,"href":"https:\/\/www.evang-friedhof.at\/simmering\/wp-json\/wp\/v2\/users\/1"}],"replies":[{"embeddable":true,"href":"https:\/\/www.evang-friedhof.at\/simmering\/wp-json\/wp\/v2\/comments?post=59"}],"version-history":[{"count":2,"href":"https:\/\/www.evang-friedhof.at\/simmering\/wp-json\/wp\/v2\/pages\/59\/revisions"}],"predecessor-version":[{"id":61,"href":"https:\/\/www.evang-friedhof.at\/simmering\/wp-json\/wp\/v2\/pages\/59\/revisions\/61"}],"wp:attachment":[{"href":"https:\/\/www.evang-friedhof.at\/simmering\/wp-json\/wp\/v2\/media?parent=59"}],"curies":[{"name":"wp","href":"https:\/\/api.w.org\/{rel}","templated":true}]}}